{"id":1057,"date":"2022-10-30T11:28:20","date_gmt":"2022-10-30T10:28:20","guid":{"rendered":"https:\/\/www.naszpiast.pl\/?page_id=1057"},"modified":"2022-10-30T11:28:20","modified_gmt":"2022-10-30T10:28:20","slug":"xii-przeglad","status":"publish","type":"page","link":"https:\/\/www.naszpiast.pl\/?page_id=1057","title":{"rendered":"XII PRZEGL\u0104D"},"content":{"rendered":"\n<h2 class=\"has-text-align-center wp-block-heading\">  XII Og\u00f3lnopolski Przegl\u0105d Zespo\u0142\u00f3w i Grup Kol\u0119dniczych <br> odby\u0142 si\u0119 w dniach 21-23 stycznia 2022 roku<\/h2>\n\n\n\n<p><\/p>\n\n\n\n<hr style=\"color: #dee4e7;\" class=\"wp-block-separator\"\/>\n\n\n\n<hr style=\"color: #dee4e7;\" class=\"wp-block-separator\"\/>\n\n\n\n<p><\/br><\/p>\n\n\n<p class=\"has-text-align-right\">Lublin, 28 stycznia 2022 r.<\/p>\n<p><!-- \/wp:post-content --><\/p>\n<p><!-- wp:heading {\"textAlign\":\"center\"} --><\/p>\n<h2 class=\"has-text-align-center\"><strong>Protok\u00f3\u0142 jury z XII Og\u00f3lnopolskiego Przegl\u0105du Zespo\u0142\u00f3w i Grup Kol\u0119dniczych Lublin 21-23 <\/strong><strong>stycznia<\/strong><strong> 2022 <\/strong><strong>r.<\/strong><\/h2>\n<p><!-- \/wp:heading --><\/p>\n<p><!-- wp:paragraph --><\/p>\n<p>W tegorocznym Przegl\u0105dzie udzia\u0142 wzi\u0119\u0142o og\u00f3lnie 38 grup \u2013w tym 8 przedstawiaj\u0105cych widowiska kol\u0119dnicze oraz 30 zespo\u0142\u00f3w \u015bpiewaczych.<\/p>\n<p><!-- \/wp:paragraph --><\/p>\n<p><!-- wp:paragraph --><\/p>\n<p>Jury obradowa\u0142o w nast\u0119puj\u0105cym sk\u0142adzie:<\/p>\n<p><!-- \/wp:paragraph --><\/p>\n<p><!-- wp:list --><\/p>\n<ul>\n<li><strong>Prof. dr hab. Jan Adamowski<\/strong> \u2013 Instytut Nauk o Kulturze UMCS jako przewodnicz\u0105cy;<\/li>\n<li><strong>Dr hab. Mariola Tymochowicz<\/strong> \u2013 Instytut Nauk o Kulturze UMCS, sekretarz jury;<\/li>\n<li><strong>Mgr Andrzej Sar <\/strong>\u2013 wicedyrektor Wojew\u00f3dzkiego O\u015brodka Kultury w Lublinie.<\/li>\n<\/ul>\n<p><!-- \/wp:list --><\/p>\n<p><!-- wp:paragraph --><\/p>\n<p>Prezentacje oceniano w dwu kategoriach: <strong>widowiska kol\u0119dnicze <\/strong>i programy <strong>zespo\u0142\u00f3w \u015bpiewaczych<\/strong>.<\/p>\n<p><!-- \/wp:paragraph --><\/p>\n<p><!-- wp:paragraph --><\/p>\n<p>Jury og\u00f3lnie stwierdza bardzo wyskoki poziom prezentacji. Zgodnie z regulaminem poszczeg\u00f3lne programy oceniano z uwzgl\u0119dnieniem nast\u0119puj\u0105cych kryteri\u00f3w:<\/p>\n<p><!-- \/wp:paragraph --><\/p>\n<p><!-- wp:list --><\/p>\n<ul>\n<li>dob\u00f3r repertuaru: w tym zakresie zwracano uwag\u0119 na r\u00f3\u017cnorodno\u015b\u0107 gatunkow\u0105 prezentacji, ich kulturow\u0105 istotno\u015b\u0107 oraz oryginalno\u015b\u0107 i zgodno\u015b\u0107 z ludow\u0105 czyli oraln\u0105 tradycj\u0105; chodzi tu te\u017c i o to aby wszystkie prezentacje nawi\u0105zywa\u0142y do autentycznych zwyczaj\u00f3w kol\u0119dowania, a wi\u0119c obrz\u0119dowego sk\u0142adania \u015bwi\u0105tecznych \u017cycze\u0144;<\/li>\n<li>staranno\u015b\u0107 przygotowania i wykonania wyst\u0105pie\u0144, tak\u017ce z uwzgl\u0119dnieniem ludowej stylistyki i poetyki;<\/li>\n<li>w\u0142o\u017cony wk\u0142ad pracy w og\u00f3lne przygotowanie wyst\u0119pu.<\/li>\n<\/ul>\n<p><!-- \/wp:list --><\/p>\n<p><!-- wp:paragraph --><\/p>\n<p><!-- \/wp:paragraph --><\/p>\n<p><!-- wp:paragraph {\"align\":\"center\"} --><\/p>\n<p class=\"has-text-align-center\"><strong>Przyznano nast\u0119puj\u0105ce nagrody i wyr\u00f3\u017cnienia:<\/strong><\/p>\n<p><!-- \/wp:paragraph --><\/p>\n<p><!-- wp:paragraph {\"align\":\"center\"} --><\/p>\n<p class=\"has-text-align-center\"><strong>W kategorii widowisk kol\u0119dniczych:<\/strong><\/p>\n<p><!-- \/wp:paragraph --><\/p>\n<p><!-- wp:paragraph --><\/p>\n<p><strong>I nagroda <\/strong><\/p>\n<p><!-- \/wp:paragraph --><\/p>\n<p><!-- wp:paragraph --><\/p>\n<p>&#8211; Zesp\u00f3\u0142 z \u0141azor za widowisko kol\u0119dnicze: \u201eHerody\u201d \u2013 500 z\u0142.<\/p>\n<p><!-- \/wp:paragraph --><\/p>\n<p><!-- wp:paragraph --><\/p>\n<p><strong>II nagroda <\/strong><\/p>\n<p><!-- \/wp:paragraph --><\/p>\n<p><!-- wp:paragraph --><\/p>\n<p>&#8211; Zesp\u00f3\u0142 Ludowy \u201eSonina\u201d \u2013z widowiskiem \u201eDroby\u201d  \u2013  400 z\u0142<\/p>\n<p><!-- \/wp:paragraph --><\/p>\n<p><!-- wp:paragraph --><\/p>\n<p>&#8211; Grupa Kol\u0119dowa \u201eLudowa Szopka zlalkami\u201d \u2013 400 z\u0142<\/p>\n<p><!-- \/wp:paragraph --><\/p>\n<p><!-- wp:paragraph --><\/p>\n<p><strong>III nagroda <\/strong><\/p>\n<p><!-- \/wp:paragraph --><\/p>\n<p><!-- wp:paragraph --><\/p>\n<p>&#8211; Zesp\u00f3\u0142 \u201eHerody\u201d z Budek za widowisko \u201eHerody\u201d \u2013 300 z\u0142;<\/p>\n<p><!-- \/wp:paragraph --><\/p>\n<p><!-- wp:paragraph --><\/p>\n<p>&#8211; Grupa Kol\u0119dnicza \u201eDjalo\u201d z Janowa Lubelskiego \u2013 300 z\u0142;<\/p>\n<p><!-- \/wp:paragraph --><\/p>\n<p><!-- wp:paragraph --><\/p>\n<p><strong>Wyr\u00f3\u017cnienie otrzyma\u0142y:<\/strong><\/p>\n<p><!-- \/wp:paragraph --><\/p>\n<p><!-- wp:paragraph --><\/p>\n<p>&#8211; Zesp\u00f3\u0142 \u201eKresowianki\u201d z W\u0142odawy \u2013 100 z\u0142;<\/p>\n<p><!-- \/wp:paragraph --><\/p>\n<p><!-- wp:paragraph --><\/p>\n<p>&#8211; Grupa Szklona z Kamionki &#8211; nagroda rzeczowa.<\/p>\n<p><!-- \/wp:paragraph --><\/p>\n<p><!-- wp:paragraph --><\/p>\n<p><!-- \/wp:paragraph --><\/p>\n<p><!-- wp:paragraph --><\/p>\n<p><!-- \/wp:paragraph --><\/p>\n<p><!-- wp:paragraph {\"align\":\"center\"} --><\/p>\n<p class=\"has-text-align-center\"><strong>W kategorii zespo\u0142\u00f3w \u015bpiewaczych:<\/strong><\/p>\n<p><!-- \/wp:paragraph --><\/p>\n<p><!-- wp:paragraph --><\/p>\n<p><strong>I nagroda:<\/strong><\/p>\n<p><!-- \/wp:paragraph --><\/p>\n<p><!-- wp:paragraph --><\/p>\n<p>&#8211; Zespo\u0142u \u201eCzerniczanki\u201d z Czernica \u2013 200 z\u0142;<\/p>\n<p><!-- \/wp:paragraph --><\/p>\n<p><!-- wp:paragraph --><\/p>\n<p>&#8211; \u201eGalicjanki\u201d z Roztocza \u2013200 z\u0142;<\/p>\n<p><!-- \/wp:paragraph --><\/p>\n<p><!-- wp:paragraph --><\/p>\n<p>&#8211; Zesp\u00f3\u0142 \u015apiewaczy \u201eKaw\u0119czyn\u201d (grupa \u017ce\u0144ska) \u2013 200 z\u0142;<\/p>\n<p><!-- \/wp:paragraph --><\/p>\n<p><!-- wp:paragraph --><\/p>\n<p><strong>II nagroda:<\/strong><\/p>\n<p><!-- \/wp:paragraph --><\/p>\n<p><!-- wp:paragraph --><\/p>\n<p>&#8211; Grupa \u015apiewacza \u201eK\u0119b\u0142\u00f3w\u201d \u2013 100 z\u0142;<\/p>\n<p><!-- \/wp:paragraph --><\/p>\n<p><!-- wp:paragraph --><\/p>\n<p>&#8211; Zesp\u00f3\u0142 \u201eJarz\u0119bina\u201d z Kocudzy \u2013 100 z\u0142;<\/p>\n<p><!-- \/wp:paragraph --><\/p>\n<p><!-- wp:paragraph --><\/p>\n<p>&#8211; Zesp\u00f3\u0142 \u201eM\u0142ode Rozkopaczewianki\u201d z Krystyn\u0105 Hodu\u0144 \u2013 100 z\u0142;<\/p>\n<p><!-- \/wp:paragraph --><\/p>\n<p><!-- wp:paragraph --><\/p>\n<p>&#8211; Zesp\u00f3\u0142 \u015apiewaczy \u201eStokrotka\u201d z Oszczywilka \u2013 100 z\u0142;<\/p>\n<p><!-- \/wp:paragraph --><\/p>\n<p><!-- wp:paragraph --><\/p>\n<p>&#8211; Zesp\u00f3\u0142 \u201eZagrodzka Nuta\u201d z \u017byrzyna \u2013 100 z\u0142;<\/p>\n<p><!-- \/wp:paragraph --><\/p>\n<p><!-- wp:paragraph --><\/p>\n<p>&#8211; Zesp\u00f3\u0142 \u015apiewaczy \u201eKsinzoki\u201d z \u0141owicza \u2013 100 z\u0142;<\/p>\n<p><!-- \/wp:paragraph --><\/p>\n<p><!-- wp:paragraph --><\/p>\n<p>&#8211; Zesp\u00f3\u0142 \u015bpiewaczy \u201eKocudzanki\u201d z Kocudzy \u2013 100 z\u0142;<\/p>\n<p><!-- \/wp:paragraph --><\/p>\n<p><!-- wp:paragraph --><\/p>\n<p>&#8211; Zesp\u00f3\u0142 \u015apiewaczy \u201ePelagia\u201d z Leopoldowa \u2013 100 z\u0142;<\/p>\n<p><!-- \/wp:paragraph --><\/p>\n<p><!-- wp:paragraph --><\/p>\n<p><strong>Wyr\u00f3\u017cnienie w formie dyplom\u00f3w:<\/strong><\/p>\n<p><!-- \/wp:paragraph --><\/p>\n<p><!-- wp:paragraph --><\/p>\n<p>&#8211; Ludowy Zesp\u00f3\u0142 \u015apiewaczy \u201eAleksandr\u00f3w\u201d,<\/p>\n<p><!-- \/wp:paragraph --><\/p>\n<p><!-- wp:paragraph --><\/p>\n<p>&#8211; Zesp\u00f3\u0142 \u201eBorowiacy\u201d z Dzwoli,<\/p>\n<p><!-- \/wp:paragraph --><\/p>\n<p><!-- wp:paragraph --><\/p>\n<p>&#8211; Zesp\u00f3\u0142 \u015apiewaczy \u201eMarianki\u201d z Kocudzy,<\/p>\n<p><!-- \/wp:paragraph --><\/p>\n<p><!-- wp:paragraph --><\/p>\n<p>&#8211; Ko\u0142o Gospody\u0144 Wiejskich \u201eKalenianki\u201d,<\/p>\n<p><!-- \/wp:paragraph --><\/p>\n<p><!-- wp:paragraph --><\/p>\n<p>&#8211; Zesp\u00f3\u0142 \u015apiewaczy \u201eBabeczki\u201d z Zawita\u0142y.<\/p>\n<p><!-- \/wp:paragraph --><\/p>\n<p><!-- wp:paragraph --><\/p>\n<p><!-- \/wp:paragraph --><\/p>\n<p><!-- wp:paragraph --><\/p>\n<p>Jury bardzo serdecznie dzi\u0119kuje bezpo\u015brednim organizatorom XII Przegl\u0105du, to jest Stowarzyszeniu \u201eNasz Piast\u201d (w tym Przewodnicz\u0105cemu Komitetu Organizacyjnego Przegl\u0105du Zdzis\u0142awowi Podka\u0144skiemu oraz Czes\u0142awowi Wardzie -Prezesowi Stowarzyszenia \u201eNasz Piast\u201d), Domowi Kultury Lubelskiej Sp\u00f3\u0142dzielni Mieszkaniowej w Lublinie, w tym Dyrektorowi DK LSM Emilii Lipi\u0144skiej oraz Fundacji Ochrony i Rozwoju Tw\u00f3rczo\u015bci Ludowej, za sprawn\u0105 jego realizacj\u0119 w tak trudnym czasie pandemicznym. Wymaga\u0142o to wypracowania nowych sposob\u00f3w organizacji, zastosowania innych narz\u0119dzi technicznego uzbrojenia oraz znacznego osobowego nak\u0142adu pracy. Niech zap\u0142at\u0105 za te trudno\u015bci b\u0119dzie instytucjonalne i ludzkie poczucie dobrze spe\u0142nionego obowi\u0105zku. Wiemy bowiem, \u017ce dotychczasowi uczestnicy dorocznego i tradycyjnego ju\u017c lubelskiego spotkania kol\u0119dowego bardzo na to czekali.<\/p>\n<p><!-- \/wp:paragraph --><\/p>\n<p><!-- wp:paragraph --><\/p>\n<p>Jury dzi\u0119kuje r\u00f3wnie\u017c patronom Przegl\u0105du, to jest: Ministrowi Kultury i Dziedzictwa Narodowego, Ministrowi Edukacji i Nauki, Ministrowi Rolnictwa i Rozwoju Wsi, Wojewodzie Lubelskiemu Panu Lechowi Sprawce, Marsza\u0142kowi Wojew\u00f3dztwa Lubelskiego Panu Jaros\u0142awowi Stawiarskiemu oraz Panu Prezydentowi Lublina \u2013Krzysztofowi \u017bukowi. Ich zainteresowanie i udzielona pomoc, tak\u017ce ta finansowa, pozwoli\u0142a na podniesienie rangi imprezy, sprawny jej przebieg oraz zabezpieczenie nagr\u00f3d dla uczestnik\u00f3w.<\/p>\n<p><!-- \/wp:paragraph --><\/p>\n<p><!-- wp:paragraph --><\/p>\n<p>Podkre\u015blaj\u0105c og\u00f3lnie wysoki poziom prezentacji wracamy wszak\u017ce uwag\u0119 na niepokoj\u0105c\u0105 tendencj\u0119 nieuzasadnionego zestawiania w jednej prezentacji element\u00f3w zaczerpni\u0119tych z r\u00f3\u017cnych form kol\u0119dniczych.<\/p>\n<p><!-- \/wp:paragraph --><\/p>\n<p><!-- wp:paragraph --><\/p>\n<p>Ponadto pragniemy zauwa\u017cy\u0107 i podkre\u015bli\u0107 to, \u017ce lubelski Przegl\u0105d bezpo\u015brednio realizuje cele zwi\u0105zane z ochron\u0105 narodowego dziedzictwa kulturowego w ca\u0142ej jego integralno\u015bci i historycznym, religijnym czy spo\u0142eczno-kulturowym zr\u00f3\u017cnicowaniu, co rzadko jest brane pod uwag\u0119 w innych, bliskich tematycznie przegl\u0105dach. Dlatego te\u017c jury wskazuje na niezb\u0119dn\u0105 potrzeb\u0119 jego dalszej kontynuacji i \u017cywimy nadziej\u0119, \u017ce Przegl\u0105d b\u0119dzie na trwale wpisany w kalendarz wydarze\u0144 kulturalnych wojew\u00f3dztwa lubelskiego.<\/p>\n<p><!-- \/wp:paragraph --><\/p>\n<p><!-- wp:paragraph {\"align\":\"right\"} --><\/p>\n<p class=\"has-text-align-right\">W imieniu jury<\/p>\n<p><!-- \/wp:paragraph --><\/p>\n<p><!-- wp:paragraph {\"align\":\"right\"} --><\/p>\n<p class=\"has-text-align-right\">Sekretarz jury <strong><em>dr hab. Mariola Tymochowicz<\/em><\/strong><\/p>\n<p><!-- wp:paragraph --><\/p>\n<p><!-- \/wp:paragraph --><\/p>\n<p><!-- wp:separator --><\/p>\n<hr style=\"color: #dee4e7;\" class=\"wp-block-separator\">\n<!-- \/wp:separator --><p><\/p>\n<p><!-- wp:separator --><\/p>\n<hr style=\"color: #dee4e7;\" class=\"wp-block-separator\">\n<!-- \/wp:separator --><p><\/p>\n<p><!-- wp:paragraph --><\/p>\n<p><\/p>\n<p><!-- \/wp:paragraph --><\/p>\n<p><!-- wp:paragraph {\"align\":\"center\"} --><\/p>\n<p class=\"has-text-align-center\"> <strong> <span style=\"color: #0693e3;\">\u2713  Cz\u0119\u015b\u0107 III <\/span>  &#8211; odby\u0142a si\u0119 w niedziel\u0119 <span class=\"has-inline-color has-vivid-cyan-blue-color\">23 stycznia 2022 r. <\/span><\/strong><\/p>\n<p><!-- \/wp:paragraph --><\/p>\n<p><!-- wp:themeisle-blocks\/advanced-columns {\"id\":\"wp-block-themeisle-blocks-advanced-columns-17db6513\",\"columns\":1,\"layout\":\"equal\"} --><\/p>\n<div class=\"wp-block-themeisle-blocks-advanced-columns has-1-columns has-desktop-equal-layout has-tablet-equal-layout has-mobile-equal-layout has-default-gap has-vertical-unset\" id=\"wp-block-themeisle-blocks-advanced-columns-17db6513\">\n<div class=\"wp-block-themeisle-blocks-advanced-columns-overlay\"><\/div>\n<div class=\"innerblocks-wrap\"><!-- wp:themeisle-blocks\/advanced-column {\"id\":\"wp-block-themeisle-blocks-advanced-column-8cdbea01\",\"columnWidth\":\"100\"} --><p><\/p>\n<div class=\"wp-block-themeisle-blocks-advanced-column\" id=\"wp-block-themeisle-blocks-advanced-column-8cdbea01\"><!-- wp:embed {\"url\":\"https:\/\/youtu.be\/2mrLqfyTaWk\",\"type\":\"video\",\"providerNameSlug\":\"youtube\",\"responsive\":true,\"className\":\"wp-embed-aspect-16-9 wp-has-aspect-ratio\"} --><p><\/p>\n<figure class=\"wp-block-embed is-type-video is-provider-youtube wp-block-embed-youtube wp-embed-aspect-16-9 wp-has-aspect-ratio\">\n<div class=\"wp-block-embed__wrapper\">\n<div class='embed-container'><iframe loading=\"lazy\" title=\"XII Og\u00f3lnopolski Przegl\u0105d Zespo\u0142\u00f3w i Grup Kol\u0119dniczych cz.3\" width=\"1920\" height=\"1080\" src=\"https:\/\/www.youtube.com\/embed\/88MvgS5tu1w?feature=oembed\" frameborder=\"0\" allow=\"accelerometer; autoplay; clipboard-write; encrypted-media; gyroscope; picture-in-picture\" allowfullscreen><\/iframe><\/div>\n<\/div>\n<\/figure>\n<p><!-- \/wp:embed --><\/p>\n<\/div>\n<p><!-- \/wp:themeisle-blocks\/advanced-column --><\/p>\n<\/div>\n<\/div>\n<p><!-- \/wp:themeisle-blocks\/advanced-columns --><\/p>\n<p><strong> <span style=\"color: #0693e3;\"><br>\u2713  Cz\u0119\u015b\u0107 II <\/span>  &#8211; odby\u0142a si\u0119 w sobot\u0119 <span class=\"has-inline-color has-vivid-cyan-blue-color\">22 stycznia 2022 r.<\/span><\/strong><\/p>\n<p><!-- wp:themeisle-blocks\/advanced-columns {\"id\":\"wp-block-themeisle-blocks-advanced-columns-17db6513\",\"columns\":1,\"layout\":\"equal\"} --><\/p>\n<div class=\"wp-block-themeisle-blocks-advanced-columns has-1-columns has-desktop-equal-layout has-tablet-equal-layout has-mobile-equal-layout has-default-gap has-vertical-unset\" id=\"wp-block-themeisle-blocks-advanced-columns-17db6513\">\n<div class=\"wp-block-themeisle-blocks-advanced-columns-overlay\"><\/div>\n<div class=\"innerblocks-wrap\"><!-- wp:themeisle-blocks\/advanced-column {\"id\":\"wp-block-themeisle-blocks-advanced-column-8cdbea01\",\"columnWidth\":\"100\"} --><p><\/p>\n<div class=\"wp-block-themeisle-blocks-advanced-column\" id=\"wp-block-themeisle-blocks-advanced-column-8cdbea01\"><!-- wp:embed {\"url\":\"https:\/\/youtu.be\/2mrLqfyTaWk\",\"type\":\"video\",\"providerNameSlug\":\"youtube\",\"responsive\":true,\"className\":\"wp-embed-aspect-16-9 wp-has-aspect-ratio\"} --><p><\/p>\n<figure class=\"wp-block-embed is-type-video is-provider-youtube wp-block-embed-youtube wp-embed-aspect-16-9 wp-has-aspect-ratio\">\n<div class=\"wp-block-embed__wrapper\">\n<div class='embed-container'><iframe loading=\"lazy\" title=\"XII Og\u00f3lnopolski Przegl\u0105d Zespo\u0142\u00f3w i Grup Kol\u0119dniczych cz.2\" width=\"1920\" height=\"1080\" src=\"https:\/\/www.youtube.com\/embed\/2mrLqfyTaWk?feature=oembed\" frameborder=\"0\" allow=\"accelerometer; autoplay; clipboard-write; encrypted-media; gyroscope; picture-in-picture\" allowfullscreen><\/iframe><\/div>\n<\/div>\n<\/figure>\n<p><!-- \/wp:embed --><\/p>\n<\/div>\n<p><!-- \/wp:themeisle-blocks\/advanced-column --><\/p>\n<\/div>\n<\/div>\n<p><!-- \/wp:themeisle-blocks\/advanced-columns --><\/p>\n<p><strong> <span style=\"color: #0693e3;\"><br>\u2713  Cz\u0119\u015b\u0107 I <\/span>  &#8211; odby\u0142a si\u0119 w pi\u0105tek <span class=\"has-inline-color has-vivid-cyan-blue-color\">21 stycznia 2022 r.<\/span><\/strong><\/p>\n<p><!-- wp:themeisle-blocks\/advanced-columns {\"id\":\"wp-block-themeisle-blocks-advanced-columns-17db6513\",\"columns\":1,\"layout\":\"equal\"} --><\/p>\n<div class=\"wp-block-themeisle-blocks-advanced-columns has-1-columns has-desktop-equal-layout has-tablet-equal-layout has-mobile-equal-layout has-default-gap has-vertical-unset\" id=\"wp-block-themeisle-blocks-advanced-columns-17db6513\">\n<div class=\"wp-block-themeisle-blocks-advanced-columns-overlay\"><\/div>\n<div class=\"innerblocks-wrap\"><!-- wp:themeisle-blocks\/advanced-column {\"id\":\"wp-block-themeisle-blocks-advanced-column-8cdbea01\",\"columnWidth\":\"100\"} --><p><\/p>\n<div class=\"wp-block-themeisle-blocks-advanced-column\" id=\"wp-block-themeisle-blocks-advanced-column-8cdbea01\"><!-- wp:embed {\"url\":\"https:\/\/youtu.be\/JWOnL1JUR3Y\",\"type\":\"video\",\"providerNameSlug\":\"youtube\",\"responsive\":true,\"className\":\"wp-embed-aspect-16-9 wp-has-aspect-ratio\"} --><p><\/p>\n<figure class=\"wp-block-embed is-type-video is-provider-youtube wp-block-embed-youtube wp-embed-aspect-16-9 wp-has-aspect-ratio\">\n<div class=\"wp-block-embed__wrapper\">\nhttps:\/\/youtu.be\/JWOnL1JUR3Y\n<\/div>\n<\/figure>\n<p><!-- \/wp:embed --><\/p>\n<\/div>\n<p><!-- \/wp:themeisle-blocks\/advanced-column --><\/p>\n<\/div>\n<\/div>\n<p><!-- \/wp:themeisle-blocks\/advanced-columns --><\/p>\n<p><!-- wp:paragraph --><\/p>\n<p><!-- \/wp:paragraph --><\/p>\n<p><!-- wp:separator --><\/p>\n<hr style=\"color: #dee4e7;\" class=\"wp-block-separator\">\n<!-- \/wp:separator --><p><\/p>\n<p><!-- wp:heading {\"textAlign\":\"center\",\"level\":4} --><\/p>\n<h4 class=\"has-text-align-center\"><span style=\"color: #0693e3;\">Lista ZESPO\u0141\u00d3W zg\u0142oszonych do XII PRZEGL\u0104DU <\/span> <\/h4>\n<p><!-- \/wp:heading --><\/p>\n<p><!-- wp:themeisle-blocks\/advanced-columns {\"id\":\"wp-block-themeisle-blocks-advanced-columns-4d6a473a\",\"columns\":1,\"layout\":\"equal\"} --><\/p>\n<div class=\"wp-block-themeisle-blocks-advanced-columns has-1-columns has-desktop-equal-layout has-tablet-equal-layout has-mobile-equal-layout has-default-gap has-vertical-unset\" id=\"wp-block-themeisle-blocks-advanced-columns-4d6a473a\">\n<div class=\"wp-block-themeisle-blocks-advanced-columns-overlay\"><\/div>\n<div class=\"innerblocks-wrap\"><!-- wp:themeisle-blocks\/advanced-column {\"id\":\"wp-block-themeisle-blocks-advanced-column-ccd9e24a\",\"columnWidth\":\"100\"} --><p><\/p>\n<div class=\"wp-block-themeisle-blocks-advanced-column\" id=\"wp-block-themeisle-blocks-advanced-column-ccd9e24a\"><!-- wp:paragraph --><p><\/p>\n<p><strong><span style=\"color: #0693e3;\">\u2713 <\/span>Ludowy Zesp\u00f3\u0142 \u015apiewaczy ALEKSANDROWIACY <\/strong>&#8211; Aleksandr\u00f3w<\/p>\n<p><!-- \/wp:paragraph --><\/p>\n<p><!-- wp:paragraph --><\/p>\n<p><strong><span style=\"color: #0693e3;\">\u2713 <\/span>Zesp\u00f3\u0142 CZERNICZANKI <\/strong>&#8211; Czernic, gmina K\u0142oczew<\/p>\n<p><!-- \/wp:paragraph --><\/p>\n<p><!-- wp:paragraph --><\/p>\n<p><strong><span style=\"color: #0693e3;\">\u2713 <\/span>GALICJANKI z ROZTOCZA <\/strong>&#8211; Narol<\/p>\n<p><!-- \/wp:paragraph --><\/p>\n<p><!-- wp:paragraph --><\/p>\n<p><strong><span style=\"color: #0693e3;\">\u2713 <\/span>Zesp\u00f3\u0142 Obrz\u0119dowy HERODY z Budek <\/strong>&#8211; Budki, gmina Trzydnik Du\u017cy<\/p>\n<p><!-- \/wp:paragraph --><\/p>\n<p><!-- wp:paragraph --><\/p>\n<p><strong><span style=\"color: #0693e3;\">\u2713 <\/span>HERODY z \u0141azor <\/strong>&#8211; \u0141azory, gmina Harasiuki<\/p>\n<p><!-- \/wp:paragraph --><\/p>\n<p><!-- wp:paragraph --><\/p>\n<p><strong><span style=\"color: #0693e3;\">\u2713 <\/span>Zesp\u00f3\u0142 Pie\u015bni i Ta\u0144ca JAWOR<\/strong> &#8211; Lublin<\/p>\n<p><!-- \/wp:paragraph --><\/p>\n<p><!-- wp:paragraph --><\/p>\n<p><strong><span style=\"color: #0693e3;\">\u2713 <\/span>Zesp\u00f3\u0142 \u015apiewaczy KGW KALENIANKA<\/strong> &#8211; Kale\u0144 Drugi, gmina Sobolew<\/p>\n<p><!-- \/wp:paragraph --><\/p>\n<p><!-- wp:paragraph --><\/p>\n<p><strong><span style=\"color: #0693e3;\">\u2713 <\/span>KALINA <\/strong>&#8211; Opole Lubelskie<\/p>\n<p><!-- \/wp:paragraph --><\/p>\n<p><!-- wp:paragraph --><\/p>\n<p><strong><span style=\"color: #0693e3;\">\u2713 <\/span>Ko\u0142o Gospody\u0144 Wiejskich w Baranowie <\/strong>&#8211; Baran\u00f3w<\/p>\n<p><!-- \/wp:paragraph --><\/p>\n<p><!-- wp:paragraph --><\/p>\n<p><strong><span style=\"color: #0693e3;\">\u2713 <\/span>S\u0141AWINIACY<\/strong> &#8211; Lublin<\/p>\n<p><!-- \/wp:paragraph --><\/p>\n<p><!-- wp:paragraph --><\/p>\n<p><strong><span style=\"color: #0693e3;\">\u2713 <\/span>Lubelskie Stowarzyszenie Aktywno\u015bci Mi\u0119dzypokoleniowej MAKI<\/strong> &#8211; Lublin<\/p>\n<p><!-- \/wp:paragraph --><\/p>\n<p><!-- wp:paragraph --><\/p>\n<p><strong><span style=\"color: #0693e3;\">\u2713 <\/span>Grupa Kol\u0119dnicza LUDOWA SZOPKA z LALKAMI <\/strong>&#8211; Lublin<\/p>\n<p><!-- \/wp:paragraph --><\/p>\n<p><!-- wp:paragraph --><\/p>\n<p><strong><span style=\"color: #0693e3;\">\u2713 <\/span>Krystyna Hodu\u0144 i M\u0141ODE ROZKOPACZEWIANKI <\/strong>&#8211; Rozkopaczew, gmina Ostr\u00f3w Lubelski<\/p>\n<p><!-- \/wp:paragraph --><\/p>\n<p><!-- wp:paragraph --><\/p>\n<p><strong><span style=\"color: #0693e3;\">\u2713 <\/span>Zesp\u00f3\u0142 \u015apiewaczy PODZAMCZE <\/strong>&#8211; Podzamcze, Me\u0142giew<\/p>\n<p><!-- \/wp:paragraph --><\/p>\n<p><!-- wp:paragraph --><\/p>\n<p><strong><span style=\"color: #0693e3;\">\u2713 <\/span>SIEDLISZCZANIE ZNAD WIEPRZA <\/strong>&#8211; Siedliszcze<\/p>\n<p><!-- \/wp:paragraph --><\/p>\n<p><!-- wp:paragraph --><\/p>\n<p><strong><span style=\"color: #0693e3;\">\u2713 <\/span>Zesp\u00f3\u0142 Ludowy SONINA <\/strong>&#8211; Sonina, gmina \u0141a\u0144cut<\/p>\n<p><!-- \/wp:paragraph --><\/p>\n<p><!-- wp:paragraph --><\/p>\n<p><strong><span style=\"color: #0693e3;\">\u2713 <\/span>Zesp\u00f3\u0142 \u015apiewaczy KSINZOKI <\/strong>&#8211; \u0141owicz<\/p>\n<p><!-- \/wp:paragraph --><\/p>\n<p><!-- wp:paragraph --><\/p>\n<p><strong><span style=\"color: #0693e3;\">\u2713 <\/span><span style=\"color: #0693e3;\">\u2713 <\/span>Zesp\u00f3\u0142 \u015apiewaczy KAW\u0118CZYN <\/strong>(grupa m\u0119ska i grupa \u017ce\u0144ska) &#8211; Kaw\u0119czyn, gmina K\u0142oczew<\/p>\n<p><!-- \/wp:paragraph --><\/p>\n<p><!-- wp:paragraph --><\/p>\n<p><strong><span style=\"color: #0693e3;\">\u2713 <\/span>Zesp\u00f3\u0142 \u015apiewaczy KRESOWIANKI<\/strong> &#8211; W\u0142odawa<\/p>\n<p><!-- \/wp:paragraph --><\/p>\n<p><!-- wp:paragraph --><\/p>\n<p><strong><span style=\"color: #0693e3;\">\u2713 <\/span>Ko\u0142o Gospody\u0144 Wiejskich &#8211; RADAWCZANKI &#8211; <\/strong>Radawiec Du\u017cy, gmina Konopnica<\/p>\n<p><!-- \/wp:paragraph --><\/p>\n<p><!-- wp:paragraph --><\/p>\n<p><strong><span style=\"color: #0693e3;\">\u2713 <\/span>Zesp\u00f3\u0142 \u015apiewaczy STOKROTKA <\/strong>&#8211; Oszczywilk, gmina Ryki<\/p>\n<p><!-- \/wp:paragraph --><\/p>\n<p><!-- wp:paragraph --><\/p>\n<p><strong><span style=\"color: #0693e3;\">\u2713 <\/span>Zesp\u00f3\u0142 SWOJSKA NUTA <\/strong>&#8211; Rejowiec Fabryczny<\/p>\n<p><!-- \/wp:paragraph --><\/p>\n<p><!-- wp:paragraph --><\/p>\n<p><strong><span style=\"color: #0693e3;\">\u2713 <\/span>JARZ\u0118BINA z Kocudzy &#8211; <\/strong>Kocudza, gmina Dzwola<\/p>\n<p><!-- \/wp:paragraph --><\/p>\n<p><!-- wp:paragraph --><\/p>\n<p><strong><span style=\"color: #0693e3;\">\u2713 <\/span>BOROWIACY z Branwi \u2013 <\/strong>Branew, gmina Dzwola<\/p>\n<p><!-- \/wp:paragraph --><\/p>\n<p><!-- wp:paragraph --><\/p>\n<p><strong><span style=\"color: #0693e3;\">\u2713 <\/span>BOROWIACY z Dzwoli \u2013 <\/strong>Dzwola<\/p>\n<p><!-- \/wp:paragraph --><\/p>\n<p><!-- wp:paragraph --><\/p>\n<p><strong><span style=\"color: #0693e3;\">\u2713 <\/span>KOCUDZANKI &#8211; <\/strong>Kocudza, gmina Dzwola<\/p>\n<p><!-- \/wp:paragraph --><\/p>\n<p><!-- wp:paragraph --><\/p>\n<p><strong><span style=\"color: #0693e3;\">\u2713 <\/span>MARIANKI &#8211; <\/strong>Kocudza, gmina Dzwola<\/p>\n<p><!-- \/wp:paragraph --><\/p>\n<p><!-- wp:paragraph --><\/p>\n<p><strong><span style=\"color: #0693e3;\">\u2713 <\/span>ROZTOCZANKI &#8211; <\/strong>Branew, gmina Dzwola<\/p>\n<p><!-- \/wp:paragraph --><\/p>\n<p><!-- wp:paragraph --><\/p>\n<p><strong><span style=\"color: #0693e3;\">\u2713 <\/span>Grupa \u015apiewacza K\u0118B\u0141\u00d3W &#8211; <\/strong>Stary K\u0142\u0119b\u00f3w gmina \u017belech\u00f3w<\/p>\n<p><!-- \/wp:paragraph --><\/p>\n<p><!-- wp:paragraph --><\/p>\n<p><strong><span style=\"color: #0693e3;\">\u2713 <\/span>Zesp\u00f3\u0142 \u015apiewaczy BABECZKI<\/strong> &#8211; Zawita\u0142a, gmina Nowodw\u00f3r<\/p>\n<p><!-- \/wp:paragraph --><\/p>\n<p><!-- wp:paragraph --><\/p>\n<p><strong><span style=\"color: #0693e3;\">\u2713 <\/span>Zesp\u00f3\u0142 \u015apiewaczy ROSOSZANKI<\/strong> &#8211; Rososz, gmina Ryki<\/p>\n<p><!-- \/wp:paragraph --><\/p>\n<p><!-- wp:paragraph --><\/p>\n<p><strong><span style=\"color: #0693e3;\">\u2713 <\/span>Zesp\u00f3\u0142 \u015apiewaczy RADO\u015a\u0106<\/strong> &#8211; Liszno, gmina Rejowiec Fabryczny<\/p>\n<p><!-- \/wp:paragraph --><\/p>\n<p><!-- wp:paragraph --><\/p>\n<p><strong><span style=\"color: #0693e3;\">\u2713 <\/span>Grupa kol\u0119dnicza DJALO<\/strong> &#8211; Jan\u00f3w Lubelski<\/p>\n<p><!-- \/wp:paragraph --><\/p>\n<p><!-- wp:paragraph --><\/p>\n<p><strong><span style=\"color: #0693e3;\">\u2713 <\/span>Zesp\u00f3\u0142 Folklorystyczny FOLUSZ <\/strong> &#8211; Giedlarowa, Le\u017cajsk<\/p>\n<p><!-- \/wp:paragraph --><\/p>\n<p><!-- wp:paragraph --><\/p>\n<p><strong><span style=\"color: #0693e3;\">\u2713 <\/span>Zesp\u00f3\u0142 \u015bpiewaczy przy Centrum Kultury w Piotrowicach  <\/strong> &#8211; Piotrowice, Strzy\u017cewice<\/p>\n<p><!-- \/wp:paragraph --><\/p>\n<p><!-- wp:paragraph --><\/p>\n<p><strong><span style=\"color: #0693e3;\">\u2713 <\/span>Zesp\u00f3\u0142 \u015bpiewaczy MOSZCZANIANKI  <\/strong> &#8211; Moszczanka, Ryki<\/p>\n<p><!-- \/wp:paragraph --><\/p>\n<p><!-- wp:paragraph --><\/p>\n<p><strong><span style=\"color: #0693e3;\">\u2713 <\/span>Zesp\u00f3\u0142 Aktywnego Ko\u0142a Gospody\u0144 Wiejskich w Zalesiu  <\/strong> &#8211; Ryki<\/p>\n<p><!-- \/wp:paragraph --><\/p>\n<p><!-- wp:paragraph --><\/p>\n<p><strong><span style=\"color: #0693e3;\">\u2713 <\/span>Zesp\u00f3\u0142 \u015apiewaczo-Obrz\u0119dowy KARCZMISKA <\/strong> &#8211; Leopold\u00f3w, Ryki<\/p>\n<p><!-- \/wp:paragraph --><\/p>\n<p><!-- wp:paragraph --><\/p>\n<p><strong><span style=\"color: #0693e3;\">\u2713 <\/span>Zesp\u00f3\u0142 \u015apiewaczy Seniorki z W\u00f3lki Ka\u0144skiej <\/strong> &#8211; W\u00f3lka Ka\u0144ska, gmina Rejowiec Fabryczny<\/p>\n<p><!-- \/wp:paragraph --><\/p>\n<\/div>\n<p><!-- \/wp:themeisle-blocks\/advanced-column --><\/p>\n<\/div>\n<\/div>\n<p><!-- \/wp:themeisle-blocks\/advanced-columns --><\/p>\n<p><!-- wp:paragraph --><\/p>\n<p><!-- \/wp:paragraph --><\/p>\n<p><!-- wp:paragraph --><\/p>\n<p><!-- \/wp:paragraph --><\/p>\n<p><!-- wp:separator --><\/p>\n<hr style=\"color: #dee4e7;\" class=\"wp-block-separator\">\n<!-- \/wp:separator --><p><\/p>\n<p><!-- wp:separator --><\/p>\n<hr style=\"color: #dee4e7;\" class=\"wp-block-separator\">\n<!-- \/wp:separator --><p><\/p>\n<p><!-- wp:paragraph --><\/p>\n<p><!-- \/wp:paragraph --><\/p>\n<p><!-- wp:paragraph --><\/p>\n<p><!-- \/wp:paragraph --><\/p>\n<p><!-- wp:separator --><\/p>\n<hr style=\"color: #dee4e7;\" class=\"wp-block-separator\">\n<!-- \/wp:separator --><p><\/p>\n<p><!-- wp:separator --><\/p>\n<hr style=\"color: #dee4e7;\" class=\"wp-block-separator\">\n<!-- \/wp:separator --><p><\/p>\n<p><!-- wp:paragraph --><\/p>\n<p><\/p>\n<p><!-- \/wp:paragraph --><\/p>\n<p><!-- wp:heading {\"textAlign\":\"center\",\"level\":3} --><\/p>\n<h4 class=\"has-text-align-center\"><span class=\"has-inline-color has-vivid-cyan-blue-color\"><a href=\"https:\/\/www.naszpiast.pl\/wp-content\/uploads\/2021\/10\/Regulamin-XII-Ogolnopolskiego-Przegladu-Zespolow-i-Grup-Koledniczych-2022-r.pdf\" target=\"_blank\" rel=\"noreferrer noopener\">Regulamin XII Og\u00f3lnopolskiego Przegl\u0105du&nbsp;Zespo\u0142\u00f3w i Grup Kol\u0119dniczych<\/a><\/span><\/h4>\n<p><!-- \/wp:heading --><\/p>\n<p><!-- wp:paragraph --><\/p>\n<p><strong>KONTAKT<\/strong>  na adres Domu Kultury LSM:  <strong>info@dklsm.pl<\/strong><\/p>\n<p><!-- \/wp:paragraph --><\/p>\n<p><!-- wp:paragraph --><\/p>\n<p>W tytule prosimy poda\u0107: <strong><em>XII PRZEGL\u0104D KOL\u0118DNICZY<\/em><\/strong><\/p>\n<p>\n<!-- \/wp:paragraph --><\/p>\n<p><!-- wp:paragraph --><\/p>\n<p><!-- \/wp:paragraph --><\/p>\n<p><!-- wp:separator --><\/p>\n<hr style=\"color: #dee4e7;\" class=\"wp-block-separator\">\n<!-- \/wp:separator --><p><\/p>\n<div style=\"    margin: 20;\n    padding-bottom: 5px;\n    padding-top: 5px;\n    text-align: center;\n    background-color: white;\n    padding-left: 5%;\n    border-radius: 50px;\n    box-shadow: inset 1px -2px 6px 0px rgb(0 0 0 \/ 33%);\n    display: flex;\n    align-items: center;\n    justify-content: center;\n    flex-wrap: wrap;\"><p><\/p>\n<div id=\"log\" style=\"display: inline-block;\">\n\t<img decoding=\"async\" src=\"https:\/\/www.naszpiast.pl\/wp-content\/uploads\/2022\/01\/Patronat-honorowy-WICEPREZESA-RADY-MINISTROW-MINISTRA-ROLNICTWA-I-ROZWOJU-WSI-Henryka-Kowalczyka-.jpg\" alt=\"logo\" title=\"Patronat honorowy - WICEPREZESA RADY MINISTR\u00d3W - MINISTRA ROLNICTWA I ROZWOJU WSI - Henryka Kowalczyka\" width=\"241\">\n<\/div>\n<div id=\"log\" style=\"display: inline-block;\">\n\t<img decoding=\"async\" src=\"https:\/\/www.naszpiast.pl\/wp-content\/uploads\/2022\/01\/Patronat-honorowy-MINISTRA-EDUKACJI-i-NAUKI.jpg\" alt=\"logo\" title=\"Patronat honorowy - MINISTRA EDUKACJI i NAUKI\" width=\"241\">\n<\/div>\n<div id=\"log\" style=\"display: inline-block;\">\n\t<img decoding=\"async\" src=\"https:\/\/www.naszpiast.pl\/wp-content\/uploads\/2021\/12\/MKiDN_kolor.jpg\" alt=\"logo\" title=\"Honorowy Patronat Ministerstwa Kultury i Dziedzictwa Narodowego\" width=\"241\">\n<\/div>\n<div style=\"display: none;  \"><\/div>\n<div style=\"display: inline-block;  width:241px;\">\n\t<img decoding=\"async\" src=\"https:\/\/www.naszpiast.pl\/wp-content\/uploads\/2021\/12\/Patronat-honorowy-WOJEWODA-LUBELSKI-LECH-SPRAWKA.jpg\" alt=\"logo\" title=\"Patronat honorowy - WOJEWODA LUBELSKI - LECH SPRAWKA\" width=\"241\">\n<\/div>\n<div style=\"display: inline-block;  width:147px;\">\n\t<img decoding=\"async\" src=\"https:\/\/www.naszpiast.pl\/wp-content\/uploads\/2021\/12\/patronat_marszalka_imienny.jpg\" alt=\"logo\" title=\"Patronat Honorowy Marsza\u0142ka Wojew\u00f3dztwa Lubelskiego Jaros\u0142awa Stawiarskiego\" width=\"135\">\n<\/div>\n<div style=\"display: inline-block;  width:320px;\">\n\t<img decoding=\"async\" src=\"https:\/\/www.naszpiast.pl\/wp-content\/uploads\/2021\/12\/Patronat_Prezydenta_Lublin-scaled-e1638609919893.jpg\" alt=\"logo\" title=\"Honorowy Patronat Prezydenta Miasta Lublin Krzysztofa \u017buka\" width=\"320\">\n<\/div>\n<\/div>\n<p><!-- wp:paragraph --><\/p>\n<p><!-- \/wp:paragraph --><\/p>\n<p><!-- wp:separator --><\/p>\n<hr style=\"color: #dee4e7;\" class=\"wp-block-separator\">\n<!-- \/wp:separator --><p><\/p>\n<p><!-- wp:paragraph --><\/p>\n<p>\n<!-- \/wp:paragraph --><\/p>\n<h4 class=\"has-text-align-center\"><strong><span style=\"color: #0693e3;\">PROGRAM PRZEGL\u0104DU<\/span><\/strong> <\/h4>\n<p><!-- wp:themeisle-blocks\/advanced-columns {\"id\":\"wp-block-themeisle-blocks-advanced-columns-0b00df38\",\"columns\":1,\"layout\":\"equal\"} --><\/p>\n<div class=\"wp-block-themeisle-blocks-advanced-columns has-1-columns has-desktop-equal-layout has-tablet-equal-layout has-mobile-equal-layout has-default-gap has-vertical-unset\" id=\"wp-block-themeisle-blocks-advanced-columns-0b00df38\">\n<div class=\"wp-block-themeisle-blocks-advanced-columns-overlay\"><\/div>\n<div class=\"innerblocks-wrap\"><!-- wp:themeisle-blocks\/advanced-column {\"id\":\"wp-block-themeisle-blocks-advanced-column-7fe55b95\",\"columnWidth\":\"100\"} --><p><\/p>\n<div class=\"wp-block-themeisle-blocks-advanced-column\" id=\"wp-block-themeisle-blocks-advanced-column-7fe55b95\"><!-- wp:image {\"align\":\"center\",\"id\":1008,\"width\":1024,\"height\":724,\"sizeSlug\":\"large\",\"linkDestination\":\"custom\"} --><p><\/p>\n<div class=\"wp-block-image\">\n<figure class=\"aligncenter size-large is-resized\"><a href=\"https:\/\/www.naszpiast.pl\/wp-content\/uploads\/2022\/01\/2022_01-21-23-XII-Przeglad-Koledniczy-PROGRAM_2.pdf\" target=\"_blank\" rel=\"noopener\"><img loading=\"lazy\" decoding=\"async\" src=\"https:\/\/www.naszpiast.pl\/wp-content\/uploads\/2022\/01\/2022_01-21-23-XII-Przeglad-Koledniczy-PROGRAM_2-strona001-1024x724.jpg\" alt=\"\" class=\"wp-image-1008\" width=\"1024\" height=\"724\" srcset=\"https:\/\/www.naszpiast.pl\/wp-content\/uploads\/2022\/01\/2022_01-21-23-XII-Przeglad-Koledniczy-PROGRAM_2-strona001-1024x724.jpg 1024w, https:\/\/www.naszpiast.pl\/wp-content\/uploads\/2022\/01\/2022_01-21-23-XII-Przeglad-Koledniczy-PROGRAM_2-strona001-300x212.jpg 300w, https:\/\/www.naszpiast.pl\/wp-content\/uploads\/2022\/01\/2022_01-21-23-XII-Przeglad-Koledniczy-PROGRAM_2-strona001-768x543.jpg 768w, https:\/\/www.naszpiast.pl\/wp-content\/uploads\/2022\/01\/2022_01-21-23-XII-Przeglad-Koledniczy-PROGRAM_2-strona001-1536x1086.jpg 1536w, https:\/\/www.naszpiast.pl\/wp-content\/uploads\/2022\/01\/2022_01-21-23-XII-Przeglad-Koledniczy-PROGRAM_2-strona001-2048x1448.jpg 2048w, https:\/\/www.naszpiast.pl\/wp-content\/uploads\/2022\/01\/2022_01-21-23-XII-Przeglad-Koledniczy-PROGRAM_2-strona001-1528x1080.jpg 1528w\" sizes=\"auto, (max-width: 1024px) 100vw, 1024px\" \/><\/a><\/figure>\n<\/div>\n<p><!-- \/wp:image --><\/p>\n<\/div>\n<p><!-- \/wp:themeisle-blocks\/advanced-column --><\/p>\n<\/div>\n<\/div>\n<p><!-- \/wp:themeisle-blocks\/advanced-columns --><\/p>\n<p><!-- wp:image {\"align\":\"center\",\"id\":978,\"width\":201,\"height\":201,\"sizeSlug\":\"full\",\"linkDestination\":\"none\"} --><\/p>\n<div class=\"wp-block-image\">\n<figure class=\"aligncenter size-full is-resized\"><img loading=\"lazy\" decoding=\"async\" src=\"https:\/\/www.naszpiast.pl\/wp-content\/uploads\/2022\/01\/1-2.png\" alt=\"\" class=\"wp-image-978\" width=\"201\" height=\"201\" srcset=\"https:\/\/www.naszpiast.pl\/wp-content\/uploads\/2022\/01\/1-2.png 268w, https:\/\/www.naszpiast.pl\/wp-content\/uploads\/2022\/01\/1-2-150x150.png 150w\" sizes=\"auto, (max-width: 201px) 100vw, 201px\" \/><\/figure>\n<\/div>\n<p><!-- \/wp:image --><\/p>\n<p><!-- wp:separator --><\/p>\n<hr style=\"color: #dee4e7;\" class=\"wp-block-separator\">\n<!-- \/wp:separator --><p><\/p>\n<p><!-- \/wp:paragraph --><\/p>\n<h4 class=\"has-text-align-center\">PATRONI<p><\/p>\n<\/h4>\n<p><!-- wp:paragraph --><\/p>\n<div style=\"    margin: 20;\n    padding-bottom: 5px;\n    padding-top: 5px;\n    text-align: center;\n    background-color: white;\n    padding-left: 5%;\n    border-radius: 50px;\n    box-shadow: inset 1px -2px 6px 0px rgb(0 0 0 \/ 33%);\n    display: flex;\n    align-items: center;\n    justify-content: center;\n    flex-wrap: wrap;\"><p><\/p>\n<div style=\"display: inline-block;  width:147px;\">\n\t<img decoding=\"async\" src=\"https:\/\/www.lubelskie.pl\/file\/2016\/10\/Lubelskie_pl.png\" alt=\"logo\" title=\"Urz\u0105d Marsza\u0142kowski Wojew\u00f3dztwa Lubelskiego w Lublinie - Lubelskie Smakuj \u017bycie\">\n<\/div>\n<div style=\"display: inline-block;  width: 237px; padding-left: 30px;\">\n\t<img decoding=\"async\" src=\"https:\/\/lublin.eu\/szablony\/portal\/images\/loga\/logo.png\" alt=\"logo\" title=\"Lublin. Miasto Inspiracji\" width=\"320\">\n<\/div>\n<\/div>\n<p><!-- wp:paragraph --><\/p>\n<p>\n<!-- \/wp:paragraph --><\/p>\n<p><!-- wp:paragraph --><\/p>\n<p><!-- \/wp:paragraph --><\/p>\n<p><!-- wp:separator --><\/p>\n<hr style=\"color: #dee4e7;\" class=\"wp-block-separator\">\n<!-- \/wp:separator --><p><\/p>\n<p><!-- \/wp:paragraph --><\/p>\n<h4 class=\"has-text-align-center\">PATRONAT MEDIALNY<p><\/p>\n<\/h4>\n<p><!-- wp:paragraph --><\/p>\n<div style=\"    margin: 20;\n    padding-bottom: 5px;\n    padding-top: 5px;\n    text-align: center;\n    background-color: white;\n    padding-left: 5%;\n    border-radius: 50px;\n    box-shadow: inset 1px -2px 6px 0px rgb(0 0 0 \/ 33%);\n    display: flex;\n    align-items: center;\n    justify-content: center;\n    flex-wrap: wrap;\"><p><\/p>\n<p><\/p>\n<div style=\"display: inline-block;  width: 131px; padding-right: 30px; padding-top: 30px; \">\n\t<img decoding=\"async\" src=\"https:\/\/www.naszpiast.pl\/wp-content\/uploads\/2022\/01\/TVP3_Lublin_podst.jpg\" alt=\"logo\" title=\"TVP3 - LUBLIN\">\n<\/div>\n<div style=\"display: inline-block;  width:80px;padding-top: 15px;\">\n\t<img decoding=\"async\" src=\"https:\/\/radio.lublin.pl\/static\/logo_rl.png\" alt=\"logo\" title=\"Radio Lublin\">\n<\/div>\n<div style=\"display: inline-block;  width: 180px; padding-left: 30px;\">\n\t<img decoding=\"async\" src=\"https:\/\/cdn01.dziennikwschodni.pl\/media\/public\/dziennikwschodni.pl\/logo-top.svg\" alt=\"logo\" title=\"Dziennik Wschodni\">\n<\/div>\n<\/div>\n<p><!-- wp:separator --><\/p>\n<hr style=\"color: #dee4e7;\" class=\"wp-block-separator\">\n<!-- \/wp:separator --><p><\/p>\n<p><!-- \/wp:paragraph --><\/p>\n<h4 class=\"has-text-align-center\">Wydarzenie wspiera<p><\/p>\n<\/h4>\n<p><!-- wp:paragraph --><\/p>\n<div style=\"    margin: 20;\n    padding-bottom: 5px;\n    padding-top: 5px;\n    text-align: center;\n    background-color: white;\n    padding-left: 5%;\n    border-radius: 50px;\n    box-shadow: inset 1px -2px 6px 0px rgb(0 0 0 \/ 33%);\n    display: flex;\n    align-items: center;\n    justify-content: center;\n    flex-wrap: wrap;\"><p><\/p>\n<p><\/p>\n<div style=\"display: inline-block;  width: 180px; padding-right: 30px; padding-top: 10px; \">\n\t<img decoding=\"async\" src=\"https:\/\/www.naszpiast.pl\/wp-content\/uploads\/2022\/01\/logo.jpg\" alt=\"Fabryka Cukierk\u00f3w Pszcz\u00f3\u0142ka \" title=\"Wsparcie wydarzenia - Fabryka Cukierk\u00f3w Pszcz\u00f3\u0142ka \">\n<\/div>\n<\/div>\n<p><!-- wp:separator --><\/p>\n<hr style=\"color: #dee4e7;\" class=\"wp-block-separator\">\n<!-- \/wp:separator --><p><\/p>\n<p><!-- wp:separator --><\/p>\n<hr style=\"color: #dee4e7;\" class=\"wp-block-separator\">\n<!-- \/wp:separator --><p><\/p>\n<p>\n<!-- \/wp:paragraph --><\/p>\n<p><!-- wp:columns --><\/p>\n<div class=\"wp-block-columns\"><!-- wp:column {\"width\":\"33.33%\"} --><p><\/p>\n<div class=\"wp-block-column\" style=\"flex-basis:33.33%\"><!-- wp:pullquote --><p><\/p>\n<figure class=\"wp-block-pullquote\">\n<blockquote>\n<p><span class=\"has-inline-color has-vivid-cyan-blue-color\"><strong>Kol\u0119dy w polskiej tradycji<\/strong><\/span><\/p>\n<\/blockquote>\n<\/figure>\n<p><!-- \/wp:pullquote --><\/p>\n<p><!-- wp:verse --><\/p>\n<pre class=\"wp-block-verse\">prof. dr hab. Jan Adamowski<\/pre>\n<p><!-- \/wp:verse --><\/p>\n<p><!-- wp:image {\"id\":360,\"sizeSlug\":\"full\",\"linkDestination\":\"none\"} --><\/p>\n<figure class=\"wp-block-image size-full\"><img loading=\"lazy\" decoding=\"async\" width=\"268\" height=\"268\" src=\"https:\/\/www.naszpiast.pl\/wp-content\/uploads\/2021\/07\/1-1.png\" alt=\"\" class=\"wp-image-360\" srcset=\"https:\/\/www.naszpiast.pl\/wp-content\/uploads\/2021\/07\/1-1.png 268w, https:\/\/www.naszpiast.pl\/wp-content\/uploads\/2021\/07\/1-1-150x150.png 150w\" sizes=\"auto, (max-width: 268px) 100vw, 268px\" \/><\/figure>\n<p><!-- \/wp:image --><\/p>\n<\/div>\n<p><!-- \/wp:column --><\/p>\n<p><!-- wp:column {\"width\":\"66.66%\"} --><\/p>\n<div class=\"wp-block-column\" style=\"flex-basis:66.66%\"><!-- wp:heading {\"textAlign\":\"center\"} --><p><\/p>\n<h2 class=\"has-text-align-center\"><strong><span class=\"has-inline-color has-white-color\">&#8212;<\/span><\/strong><\/h2>\n<p><!-- \/wp:heading --><\/p>\n<p><!-- wp:paragraph --><\/p>\n<p>We wsp\u00f3\u0142czesnej, ale dosy\u0107 powszechnej spo\u0142ecznej recepcji, <strong>kol\u0119da&nbsp;<\/strong> to przede wszystkim pie\u015b\u0144 przedstawiaj\u0105ce tre\u015bci zwi\u0105zane z&nbsp;Bo\u017cym Narodzeniem. Taki rodzaj potocznej wiedzy genologicznej potwierdzaj\u0105 r\u00f3wnie\u017c s\u0142owniki j\u0119zyka polskiego oraz leksykony terminologiczne. Powstaje wszak\u017ce pytanie: czy jest to wiedza pe\u0142na i&nbsp;adekwatna?<\/p>\n<p><!-- \/wp:paragraph --><\/p>\n<p><!-- wp:paragraph --><\/p>\n<p>Sama nazwa gatunku, jak dosy\u0107 powszechnie wiadomo, jest zapo\u017cyczeniem \u0142aci\u0144skim \u2013 od wyrazu <em>calendae<\/em>, co w&nbsp;kalendarzu julia\u0144skim oznacza\u0142o \u201epierwszy dzie\u0144 miesi\u0105ca\u201d. W&nbsp;staro\u017cytno\u015bci w&nbsp;spos\u00f3b szczeg\u00f3lnie \u015bwi\u0105teczny obchodzono w&nbsp;Rzymie styczniowe <em>calendae<\/em>, bowiem wi\u0105za\u0142o si\u0119 to z&nbsp;ko\u0144cem i&nbsp;pocz\u0105tkiem Nowego Roku, a&nbsp;wi\u0119c z&nbsp;okresem sk\u0142adania \u017cycze\u0144, wzajemnego obdarowywania si\u0119, a&nbsp;wszystko to mia\u0142o zapewni\u0107 pomy\u015bln\u0105 przysz\u0142o\u015b\u0107. Zwyczaj ten, poprzez Ba\u0142kany, przyw\u0119drowa\u0142 do Polski, a&nbsp;dok\u0142adniej m\u00f3wi\u0105c przyj\u0119li go S\u0142owianie jeszcze w&nbsp;p\u00f3\u017anym okresie wsp\u00f3lnoty, a&nbsp;wi\u0119c gdzie\u015b oko\u0142o VI-VIII wieku po Chrystusie.<\/p>\n<p><!-- \/wp:paragraph --><\/p>\n<p><!-- wp:paragraph --><\/p>\n<p>Bogata jest te\u017c \u201ewewn\u0119trzna historia\u201d, czyli struktura semantyczna wyrazu kol\u0119da na gruncie polskim (og\u00f3lniej &#8211; tak\u017ce s\u0142owia\u0144skim). Obs\u0142ugiwa\u0142 on bowiem kilka znacze\u0144, co ma swoje konsekwencje do dzisiaj. W&nbsp;najstarszych s\u0142ownikach najwcze\u015bniejsze potwierdzenie ma znaczenie nast\u0119puj\u0105ce: \u201epodarunek noworoczny lub wigilijny, bo\u017conarodzeniowy\u201d, z&nbsp;dialektalnym rozszerzeniem i&nbsp;uog\u00f3lnieniem semantyki na \u201edar, podarunek; wiano\u201d. Ponadto inne znaczenia tego wyrazu, to:<br>\u2022 \u201ezadatek\u201d \u2013 szczeg\u00f3lnie ten, kt\u00f3ry dawany by\u0142 na gody, jako \u017ce na \u015bw. Szczepana powszechny by\u0142 zwyczaj godzenia na s\u0142u\u017cb\u0119 parobk\u00f3w;<br>\u2022 odwiedzanie parafian przez ksi\u0119dza w&nbsp;okresie Bo\u017cego Narodzenia;<br>\u2022 \u201edanina dla ksi\u0119dza\u201d pobierana w&nbsp;okresie Bo\u017cego Narodzenia;<br>\u2022 mieszanina potraw wigilijnych z&nbsp;op\u0142atkiem i&nbsp;chlebem dawana byd\u0142u zazwyczaj na \u015bw. Szczepana, tzw. kol\u0119da dla byd\u0142a; p\u00f3\u017aniej sam specjalny op\u0142atek (innego koloru);<br>\u2022 kol\u0119dowanie, czyli obrz\u0119dowe sk\u0142adanie \u017cycze\u0144 &#8211; chodzenie z&nbsp;kol\u0119d\u0105;<br>\u2022 dar dla kol\u0119dnik\u00f3w;<br>\u2022 na niekt\u00f3rych obszarach \u201eokres Bo\u017cego Narodzenia\u201d i&nbsp;\u201eWigilia\u201d;<br>\u2022 w&nbsp;staropolszczy\u017anie tak\u017ce Nowy Rok;<br>\u2022 garstka splecionych k\u0142os\u00f3w ze zbo\u017ca przynoszona przez gospodarza w&nbsp;dniu Wigilii (w&nbsp;innych regionach by\u0142 to ca\u0142y snopek zwany <em>Kr\u00f3lem<\/em>);<br>\u2022 ju\u017c w&nbsp;XVI wieku tak\u017ce \u201epie\u015b\u0144 o&nbsp;tematyce \u015bwieckiej z&nbsp;pro\u015bb\u0105 o&nbsp;dary\u201d.<\/p>\n<p><!-- \/wp:paragraph --><\/p>\n<p><!-- wp:paragraph --><\/p>\n<p>Natomiast znaczenie najbardziej znane wsp\u00f3\u0142cze\u015bnie: \u201epie\u015b\u0144 religijna z&nbsp;okazji Bo\u017cego Narodzenia\u201d &#8211; utrwali\u0142o si\u0119 stosunkowo p\u00f3\u017ano, bo dopiero w&nbsp;XVIII i&nbsp;XIX wieku. W&nbsp;staropolszczy\u017anie tego typu <strong>kol\u0119dy opowiadaj\u0105ce o&nbsp;Bo\u017cym Narodzeniu<\/strong>, oparte na wzorach \u0142aci\u0144skich i&nbsp;europejskich, nazywano rotu\u0142ami, symfoniami anielskimi, piosnkami, pie\u015bniami nabo\u017cnymi, kantykami. St\u0105d te\u017c p\u00f3\u017aniej powsta\u0142a nazwa kantyczka dla okre\u015blenia specjalnego zbioru pie\u015bni kol\u0119dowych.<\/p>\n<p><!-- \/wp:paragraph --><\/p>\n<p><!-- wp:paragraph --><\/p>\n<p>Najstarsze, a&nbsp;dochowane do dzisiaj polskie rotu\u0142y czy kantyki to utwory XV- wieczne:<em> Anio\u0142 pasterzom m\u00f3wi\u0142<\/em> i&nbsp;<em>Kiedy kr\u00f3l Herod kr\u00f3lowa\u0142<\/em>. Jednak\u017ce epok\u0105, w&nbsp;kt\u00f3rej dosz\u0142o do najwi\u0119kszego rozkwitu tego typu polskich kol\u0119d, by\u0142 wiek XVII i&nbsp;XVIII. Z&nbsp; p\u00f3\u017aniejszych wiek\u00f3w pochodz\u0105 udane pr\u00f3by autorskich kol\u0119d, jak: Piotra Skargi<em> W&nbsp;\u017c\u0142obie le\u017cy<\/em>, Franciszka Karpi\u0144skiego B\u00f3g si\u0119 rodzi oraz Teofila Lenartowicza <em>Mizerna cicha<\/em>.<\/p>\n<p><!-- \/wp:paragraph --><\/p>\n<p><!-- wp:paragraph --><\/p>\n<p>Pewn\u0105 odmian\u0105 kol\u0119dy opowiadaj\u0105cej o&nbsp;Bo\u017cym Narodzeniu s\u0105 <strong>pastora\u0142ki<\/strong>. Dos\u0142ownie t\u0142umacz\u0105c znaczenie nazwy gatunkowej nale\u017cy powiedzie\u0107, \u017ce s\u0105 to utwory o&nbsp;motywach pasterskich. Genetycznie maj\u0105 one zwi\u0105zek z&nbsp;sielank\u0105. Jednak\u017ce w&nbsp;polskiej kulturze, szczeg\u00f3lnie barokowej, rozwin\u0105\u0142 si\u0119 nurt pastora\u0142ki domowej, a&nbsp;wi\u0119c takiej, kt\u00f3ra \u2013 ze wzgl\u0119du&nbsp;m.in. na sw\u00f3j temat, spos\u00f3b jego uj\u0119cia (humorystyczno\u015b\u0107), a&nbsp;czasami i&nbsp;pewien stopie\u0144 frywolno\u015bci, nie zosta\u0142a dopuszczona do wykonywania w&nbsp;ko\u015bcio\u0142ach i&nbsp;do liturgii. Ich obieg okre\u015bla\u0142 dom.<\/p>\n<p><!-- \/wp:paragraph --><\/p>\n<p><!-- wp:paragraph --><\/p>\n<p>Obok kol\u0119d pasterskich rozwija\u0142y si\u0119 tak\u017ce <strong>kol\u0119dy zakonne<\/strong> &#8211; franciszka\u0144skie, karmelita\u0144skie, zwi\u0105zane z&nbsp;piel\u0119gnowanym w&nbsp;zakonach \u017ce\u0144skich zwyczajem ko\u0142ysania figurki Pana Jezusa. W&nbsp;tej adoracyjnej sytuacji \u015bpiewano pie\u015bni o&nbsp;Bo\u017cym Narodzeniu.<\/p>\n<p><!-- \/wp:paragraph --><\/p>\n<p><!-- wp:paragraph --><\/p>\n<p>Ale i&nbsp;w&nbsp;kulturze tradycyjnej r\u00f3wnie\u017c powsta\u0142a ciekawa i&nbsp;warto\u015bciowa grupa pie\u015bni opowiadaj\u0105cych o&nbsp;Bo\u017cym Narodzeniu. S\u0105 to ludowe <strong>kol\u0119dy apokryficzne<\/strong>. Podejmuj\u0105 one r\u00f3\u017cne tematy i&nbsp;motywy: np. poszukiwanie miejsca na nocleg i&nbsp;jednocze\u015bnie narodziny Pana Jezusa; motyw Zwiastowania; ucieczka \u015bw. Rodziny do Egiptu itp. Podstawowe cechy ludowej kol\u0119dy apokryficznej to: postawienie w&nbsp;centrum \u015bwiata tekstowego rodziny, a&nbsp;przede wszystkim Matki Bo\u017cej i&nbsp;Pana Jezusa; w\u0142a\u015bciwa folklorowi obrazowo\u015b\u0107 i&nbsp;konkretno\u015b\u0107; obecno\u015b\u0107 znanych w&nbsp;kulturze ludowej (ale i&nbsp;nie tylko ludowej) element\u00f3w symbolicznych: np. bia\u0142y kamie\u0144 i&nbsp;bystra woda, zielona lipe\u0144ka itp. S\u0105 to \u201eludowe symbole kosmosu, sytuacji przej\u015bcia, pocz\u0105tku i&nbsp;ko\u0144ca\u201d.<\/p>\n<p><!-- \/wp:paragraph --><\/p>\n<p><!-- wp:paragraph --><\/p>\n<p>Jednak\u017ce typologicznie najstarsz\u0105 form\u0105 ludowej kol\u0119dy s\u0105 <strong>pie\u015bni \u017cycz\u0105ce<\/strong>, a&nbsp;wi\u0119c te zwi\u0105zane z&nbsp;poj\u0119ciem i&nbsp;wymian\u0105 dar\u00f3w, czyli z&nbsp;kol\u0119dowaniem. Tego typu utwory, genetycznie noworoczne, funkcjonuj\u0105 w&nbsp;kontek\u015bcie obrz\u0119du, a&nbsp;wi\u0119c struktury zorganizowanej i&nbsp;sakralnej. Dar w&nbsp;kol\u0119dowaniu mo\u017ce mie\u0107 wymiar materialny, ale takim darem jest r\u00f3wnie\u017c s\u0142owo \u017cycz\u0105ce, kt\u00f3re w&nbsp;kontek\u015bcie obrz\u0119du ma moc kreowania \u015bwiata. W\u015br\u00f3d tej grupy \u2013 ze wzgl\u0119du na adresata oraz intencjonalno\u015b\u0107, wyr\u00f3\u017cnia si\u0119 trzy podstawowe grupy: <strong>kol\u0119dy gospodarskie<\/strong>, <strong>panie\u0144skie<\/strong> i&nbsp;<strong>kawalerskie<\/strong>.<\/p>\n<p><!-- \/wp:paragraph --><\/p>\n<p><!-- wp:paragraph --><\/p>\n<p>Nale\u017cy te\u017c przypomnie\u0107, \u017ce polska tradycja i&nbsp;kultura wykszta\u0142ci\u0142y jeszcze bardziej wsp\u00f3\u0142czesn\u0105 odmian\u0119 kol\u0119dy, jak\u0105 s\u0105 tzw. <strong>kol\u0119dy aktualizowane<\/strong>. S\u0105 to teksty w&nbsp;swoich tre\u015bciach nawi\u0105zuj\u0105ce do wsp\u00f3\u0142czesnych wydarze\u0144 spo\u0142ecznych i&nbsp;politycznych, ale \u015bpiewane na melodie znanych kol\u0119d bo\u017conarodzeniowych. W&nbsp;Polsce s\u0105 dokumentowane od powstania styczniowego, a&nbsp;ostatni okres ich bujnego rozwoju to czasy organizowania ruch\u00f3w solidarno\u015bciowych.<\/p>\n<p><!-- \/wp:paragraph --><\/p>\n<p><!-- wp:paragraph --><\/p>\n<p>Kol\u0119da to w&nbsp;Polsce gatunek \u017cywy, nie tylko w&nbsp;sensie obiegu. W&nbsp;czasach zupe\u0142nie nam wsp\u00f3\u0142czesnych \u2013 tj. w&nbsp;XXI wieku, znane s\u0105 liczne przyk\u0142ady tworzenia nowych pie\u015bni bo\u017conarodzeniowych.<\/p>\n<p><!-- \/wp:paragraph --><\/p>\n<p><!-- wp:paragraph --><\/p>\n<p>\u200b<\/p>\n<p><!-- \/wp:paragraph --><\/p>\n<p><!-- wp:paragraph --><\/p>\n<div id=\"article\">\n<p>W&nbsp;kulturze narodowej szczeg\u00f3lne znaczenie ma&nbsp;<strong>kultura i sztuka ludowa,&nbsp;<\/strong>zwana cz\u0119sto tradycyjn\u0105. M\u00f3wi si\u0119 o niej, \u017ce jest&nbsp;<strong>korzeniami kultury narodowej. Dlatego dzi\u015b, w dobie globalizmu tak wa\u017cne jest piel\u0119gnowanie tych korzeni, tj. kultury ludowej i chrze\u015bcija\u0144skiej.<\/strong>&nbsp;Kultura potrzebuje mecenatu zar\u00f3wno pa\u0144stwowego i samorz\u0105dowego, a tak\u017ce sp\u00f3\u0142dzielczego, spo\u0142ecznego i prywatnego.<\/p>\n<\/div>\n<p><!-- \/wp:paragraph --><\/p>\n<p><!-- wp:paragraph {\"align\":\"right\"} --><\/p>\n<p class=\"has-text-align-right\"><strong><em>prof.&nbsp;dr&nbsp;hab.&nbsp;Jan Adamowski<\/em><\/strong><\/p>\n<p><!-- \/wp:paragraph --><\/p>\n<\/div>\n<p><!-- \/wp:column --><\/p>\n<\/div>\n<p><!-- \/wp:columns --><\/p>\n<p><!-- wp:paragraph --><\/p>\n<p><!-- \/wp:paragraph --><\/p>","protected":false},"excerpt":{"rendered":"<p>XII Og\u00f3lnopolski Przegl\u0105d Zespo\u0142\u00f3w i Grup Kol\u0119dniczych odby\u0142 si\u0119 w dniach 21-23 stycznia 2022 roku Lublin, 28 stycznia 2022 r. Protok\u00f3\u0142 jury z XII Og\u00f3lnopolskiego Przegl\u0105du Zespo\u0142\u00f3w i Grup Kol\u0119dniczych Lublin 21-23 stycznia 2022 r. W tegorocznym Przegl\u0105dzie udzia\u0142 wzi\u0119\u0142o og\u00f3lnie 38 grup \u2013w tym 8 przedstawiaj\u0105cych widowiska kol\u0119dnicze oraz 30 zespo\u0142\u00f3w \u015bpiewaczych. Jury obradowa\u0142o&hellip; <br \/> <a class=\"read-more\" href=\"https:\/\/www.naszpiast.pl\/?page_id=1057\">Dowiedz si\u0119 wi\u0119cej<\/a><\/p>\n","protected":false},"author":1,"featured_media":455,"parent":362,"menu_order":20,"comment_status":"closed","ping_status":"closed","template":"","meta":{"_themeisle_gutenberg_block_has_review":false,"footnotes":""},"class_list":["post-1057","page","type-page","status-publish","has-post-thumbnail","hentry"],"_links":{"self":[{"href":"https:\/\/www.naszpiast.pl\/index.php?rest_route=\/wp\/v2\/pages\/1057","targetHints":{"allow":["GET"]}}],"collection":[{"href":"https:\/\/www.naszpiast.pl\/index.php?rest_route=\/wp\/v2\/pages"}],"about":[{"href":"https:\/\/www.naszpiast.pl\/index.php?rest_route=\/wp\/v2\/types\/page"}],"author":[{"embeddable":true,"href":"https:\/\/www.naszpiast.pl\/index.php?rest_route=\/wp\/v2\/users\/1"}],"replies":[{"embeddable":true,"href":"https:\/\/www.naszpiast.pl\/index.php?rest_route=%2Fwp%2Fv2%2Fcomments&post=1057"}],"version-history":[{"count":1,"href":"https:\/\/www.naszpiast.pl\/index.php?rest_route=\/wp\/v2\/pages\/1057\/revisions"}],"predecessor-version":[{"id":1058,"href":"https:\/\/www.naszpiast.pl\/index.php?rest_route=\/wp\/v2\/pages\/1057\/revisions\/1058"}],"up":[{"embeddable":true,"href":"https:\/\/www.naszpiast.pl\/index.php?rest_route=\/wp\/v2\/pages\/362"}],"wp:featuredmedia":[{"embeddable":true,"href":"https:\/\/www.naszpiast.pl\/index.php?rest_route=\/wp\/v2\/media\/455"}],"wp:attachment":[{"href":"https:\/\/www.naszpiast.pl\/index.php?rest_route=%2Fwp%2Fv2%2Fmedia&parent=1057"}],"curies":[{"name":"wp","href":"https:\/\/api.w.org\/{rel}","templated":true}]}}